{"id":2254,"date":"2022-02-10T18:55:46","date_gmt":"2022-02-10T17:55:46","guid":{"rendered":"https:\/\/artoislittoral2.com\/?page_id=2254"},"modified":"2022-02-10T19:02:27","modified_gmt":"2022-02-10T18:02:27","slug":"dubocage-david","status":"publish","type":"page","link":"https:\/\/artoislittoral2.com\/index.php\/dubocage-david\/","title":{"rendered":"DUBOCAGE David"},"content":{"rendered":"\t\t<div data-elementor-type=\"wp-page\" data-elementor-id=\"2254\" class=\"elementor elementor-2254\">\n\t\t\t\t\t\t<section class=\"elementor-section elementor-top-section elementor-element elementor-element-bec64a8 elementor-section-boxed elementor-section-height-default elementor-section-height-default\" data-id=\"bec64a8\" data-element_type=\"section\" data-e-type=\"section\">\n\t\t\t\t\t\t<div class=\"elementor-container elementor-column-gap-default\">\n\t\t\t\t\t<div class=\"elementor-column elementor-col-100 elementor-top-column elementor-element elementor-element-38fa535\" data-id=\"38fa535\" data-element_type=\"column\" data-e-type=\"column\">\n\t\t\t<div class=\"elementor-widget-wrap elementor-element-populated\">\n\t\t\t\t\t\t<div class=\"elementor-element elementor-element-ba642cb elementor-widget elementor-widget-text-editor\" data-id=\"ba642cb\" data-element_type=\"widget\" data-e-type=\"widget\" data-widget_type=\"text-editor.default\">\n\t\t\t\t<div class=\"elementor-widget-container\">\n\t\t\t\t\t\t\t\t\t<h4>David DUBOCAGE (46 ans), papa d&rsquo;un gar\u00e7on, charg\u00e9 d&rsquo;affaires pour une filiale du groupe DUFOUR, pacs\u00e9 \u00e0 M\u00e9lanie ROETYNCK ma co-pilote<\/h4><h4>Je suis passionn\u00e9 par tout ce qui a un moteur, j&rsquo;ai commenc\u00e9 par quelques tours de roues en moto-cross, puis c\u2019est en Quad que j&rsquo;ai exerc\u00e9 ma passion. A\u00a0 mon actif : 4 Enduropale du Touquet, Les courses de LOON-PLAGE, FORT-MAHON, les 12 heures de Vassivi\u00e8re, les 10H de la Thi\u00e9rache et le Raid Bleu\u2026<br \/>Pour la saison 2022 nous venons de faire l\u2019acquisition d\u2019une citro\u00ebn\u00a0SAXO, voiture que nous avions lou\u00e9e pour Le B\u00e9thunois et Charlemagne en 2021.\u00a0<\/h4><div><h4>Nous avons cr\u00e9\u00e9 notre association MD TEAM RACING, afin de pouvoir r\u00e9unir les fonds pour nos futures saisons.<\/h4><\/div><div>\u00a0<\/div>\t\t\t\t\t\t\t\t<\/div>\n\t\t\t\t<\/div>\n\t\t\t\t\t<\/div>\n\t\t<\/div>\n\t\t\t\t\t<\/div>\n\t\t<\/section>\n\t\t\t\t<section class=\"elementor-section elementor-top-section elementor-element elementor-element-a8e738b elementor-section-boxed elementor-section-height-default elementor-section-height-default\" data-id=\"a8e738b\" data-element_type=\"section\" data-e-type=\"section\">\n\t\t\t\t\t\t<div class=\"elementor-container elementor-column-gap-default\">\n\t\t\t\t\t<div class=\"elementor-column elementor-col-100 elementor-top-column elementor-element elementor-element-abdda52\" data-id=\"abdda52\" data-element_type=\"column\" data-e-type=\"column\">\n\t\t\t<div class=\"elementor-widget-wrap elementor-element-populated\">\n\t\t\t\t\t\t<div class=\"elementor-element elementor-element-62723e6 elementor-widget elementor-widget-image\" data-id=\"62723e6\" data-element_type=\"widget\" data-e-type=\"widget\" data-widget_type=\"image.default\">\n\t\t\t\t<div class=\"elementor-widget-container\">\n\t\t\t\t\t\t\t\t\t\t\t\t\t\t\t<img fetchpriority=\"high\" decoding=\"async\" width=\"640\" height=\"640\" src=\"https:\/\/artoislittoral2.com\/wp-content\/uploads\/2022\/02\/auto_dubocage.jpg\" class=\"attachment-large size-large wp-image-2258\" alt=\"\" srcset=\"https:\/\/artoislittoral2.com\/wp-content\/uploads\/2022\/02\/auto_dubocage.jpg 828w, https:\/\/artoislittoral2.com\/wp-content\/uploads\/2022\/02\/auto_dubocage-300x300.jpg 300w, https:\/\/artoislittoral2.com\/wp-content\/uploads\/2022\/02\/auto_dubocage-150x150.jpg 150w, https:\/\/artoislittoral2.com\/wp-content\/uploads\/2022\/02\/auto_dubocage-768x768.jpg 768w\" sizes=\"(max-width: 640px) 100vw, 640px\" \/>\t\t\t\t\t\t\t\t\t\t\t\t\t\t\t<\/div>\n\t\t\t\t<\/div>\n\t\t\t\t\t<\/div>\n\t\t<\/div>\n\t\t\t\t\t<\/div>\n\t\t<\/section>\n\t\t\t\t<section class=\"elementor-section elementor-top-section elementor-element elementor-element-f523f14 elementor-section-boxed elementor-section-height-default elementor-section-height-default\" data-id=\"f523f14\" data-element_type=\"section\" data-e-type=\"section\">\n\t\t\t\t\t\t<div class=\"elementor-container elementor-column-gap-default\">\n\t\t\t\t\t<div class=\"elementor-column elementor-col-100 elementor-top-column elementor-element elementor-element-3bfca7d\" data-id=\"3bfca7d\" data-element_type=\"column\" data-e-type=\"column\">\n\t\t\t<div class=\"elementor-widget-wrap elementor-element-populated\">\n\t\t\t\t\t\t<div class=\"elementor-element elementor-element-a730c27 elementor-widget elementor-widget-image\" data-id=\"a730c27\" data-element_type=\"widget\" data-e-type=\"widget\" data-widget_type=\"image.default\">\n\t\t\t\t<div class=\"elementor-widget-container\">\n\t\t\t\t\t\t\t\t\t\t\t\t\t\t\t<img decoding=\"async\" width=\"619\" height=\"1024\" src=\"https:\/\/artoislittoral2.com\/wp-content\/uploads\/2022\/02\/IMG-1315-1-619x1024.jpg\" class=\"attachment-large size-large wp-image-2259\" alt=\"\" srcset=\"https:\/\/artoislittoral2.com\/wp-content\/uploads\/2022\/02\/IMG-1315-1-619x1024.jpg 619w, https:\/\/artoislittoral2.com\/wp-content\/uploads\/2022\/02\/IMG-1315-1-181x300.jpg 181w, https:\/\/artoislittoral2.com\/wp-content\/uploads\/2022\/02\/IMG-1315-1-768x1270.jpg 768w, https:\/\/artoislittoral2.com\/wp-content\/uploads\/2022\/02\/IMG-1315-1-929x1536.jpg 929w, https:\/\/artoislittoral2.com\/wp-content\/uploads\/2022\/02\/IMG-1315-1-1238x2048.jpg 1238w, https:\/\/artoislittoral2.com\/wp-content\/uploads\/2022\/02\/IMG-1315-1-300x496.jpg 300w, https:\/\/artoislittoral2.com\/wp-content\/uploads\/2022\/02\/IMG-1315-1-850x1406.jpg 850w, https:\/\/artoislittoral2.com\/wp-content\/uploads\/2022\/02\/IMG-1315-1.jpg 1370w\" sizes=\"(max-width: 619px) 100vw, 619px\" \/>\t\t\t\t\t\t\t\t\t\t\t\t\t\t\t<\/div>\n\t\t\t\t<\/div>\n\t\t\t\t\t<\/div>\n\t\t<\/div>\n\t\t\t\t\t<\/div>\n\t\t<\/section>\n\t\t\t\t<\/div>\n\t\t","protected":false},"excerpt":{"rendered":"<p>David DUBOCAGE (46 ans), papa d&rsquo;un gar\u00e7on, charg\u00e9 d&rsquo;affaires pour une filiale du groupe DUFOUR, pacs\u00e9 \u00e0 M\u00e9lanie ROETYNCK ma co-pilote Je suis passionn\u00e9 par tout ce qui a un moteur, j&rsquo;ai commenc\u00e9 par quelques tours de roues en moto-cross, puis c\u2019est en Quad que j&rsquo;ai exerc\u00e9 ma passion. A\u00a0 mon actif : 4 Enduropale&#8230;<\/p>\n","protected":false},"author":1,"featured_media":0,"parent":0,"menu_order":0,"comment_status":"closed","ping_status":"closed","template":"","meta":{"footnotes":""},"class_list":["post-2254","page","type-page","status-publish","hentry"],"yoast_head":"<!-- This site is optimized with the Yoast SEO plugin v27.4 - https:\/\/yoast.com\/product\/yoast-seo-wordpress\/ -->\n<title>DUBOCAGE David - ASA Artois Littoral 2<\/title>\n<meta name=\"robots\" content=\"index, follow, max-snippet:-1, max-image-preview:large, max-video-preview:-1\" \/>\n<link rel=\"canonical\" href=\"https:\/\/artoislittoral2.com\/index.php\/dubocage-david\/\" \/>\n<meta property=\"og:locale\" content=\"fr_FR\" \/>\n<meta property=\"og:type\" content=\"article\" \/>\n<meta property=\"og:title\" content=\"DUBOCAGE David - ASA Artois Littoral 2\" \/>\n<meta property=\"og:description\" content=\"David DUBOCAGE (46 ans), papa d&rsquo;un gar\u00e7on, charg\u00e9 d&rsquo;affaires pour une filiale du groupe DUFOUR, pacs\u00e9 \u00e0 M\u00e9lanie ROETYNCK ma co-pilote Je suis passionn\u00e9 par tout ce qui a un moteur, j&rsquo;ai commenc\u00e9 par quelques tours de roues en moto-cross, puis c\u2019est en Quad que j&rsquo;ai exerc\u00e9 ma passion. A\u00a0 mon actif : 4 Enduropale...\" \/>\n<meta property=\"og:url\" content=\"https:\/\/artoislittoral2.com\/index.php\/dubocage-david\/\" \/>\n<meta property=\"og:site_name\" content=\"ASA Artois Littoral 2\" \/>\n<meta property=\"article:modified_time\" content=\"2022-02-10T18:02:27+00:00\" \/>\n<meta property=\"og:image\" content=\"https:\/\/artoislittoral2.com\/wp-content\/uploads\/2022\/02\/auto_dubocage.jpg\" \/>\n<meta name=\"twitter:card\" content=\"summary_large_image\" \/>\n<meta name=\"twitter:label1\" content=\"Dur\u00e9e de lecture estim\u00e9e\" \/>\n\t<meta name=\"twitter:data1\" content=\"1 minute\" \/>\n<script type=\"application\/ld+json\" class=\"yoast-schema-graph\">{\"@context\":\"https:\\\/\\\/schema.org\",\"@graph\":[{\"@type\":\"WebPage\",\"@id\":\"https:\\\/\\\/artoislittoral2.com\\\/index.php\\\/dubocage-david\\\/\",\"url\":\"https:\\\/\\\/artoislittoral2.com\\\/index.php\\\/dubocage-david\\\/\",\"name\":\"DUBOCAGE David - ASA Artois Littoral 2\",\"isPartOf\":{\"@id\":\"https:\\\/\\\/artoislittoral2.com\\\/#website\"},\"primaryImageOfPage\":{\"@id\":\"https:\\\/\\\/artoislittoral2.com\\\/index.php\\\/dubocage-david\\\/#primaryimage\"},\"image\":{\"@id\":\"https:\\\/\\\/artoislittoral2.com\\\/index.php\\\/dubocage-david\\\/#primaryimage\"},\"thumbnailUrl\":\"https:\\\/\\\/artoislittoral2.com\\\/wp-content\\\/uploads\\\/2022\\\/02\\\/auto_dubocage.jpg\",\"datePublished\":\"2022-02-10T17:55:46+00:00\",\"dateModified\":\"2022-02-10T18:02:27+00:00\",\"breadcrumb\":{\"@id\":\"https:\\\/\\\/artoislittoral2.com\\\/index.php\\\/dubocage-david\\\/#breadcrumb\"},\"inLanguage\":\"fr-FR\",\"potentialAction\":[{\"@type\":\"ReadAction\",\"target\":[\"https:\\\/\\\/artoislittoral2.com\\\/index.php\\\/dubocage-david\\\/\"]}]},{\"@type\":\"ImageObject\",\"inLanguage\":\"fr-FR\",\"@id\":\"https:\\\/\\\/artoislittoral2.com\\\/index.php\\\/dubocage-david\\\/#primaryimage\",\"url\":\"https:\\\/\\\/artoislittoral2.com\\\/wp-content\\\/uploads\\\/2022\\\/02\\\/auto_dubocage.jpg\",\"contentUrl\":\"https:\\\/\\\/artoislittoral2.com\\\/wp-content\\\/uploads\\\/2022\\\/02\\\/auto_dubocage.jpg\",\"width\":828,\"height\":828},{\"@type\":\"BreadcrumbList\",\"@id\":\"https:\\\/\\\/artoislittoral2.com\\\/index.php\\\/dubocage-david\\\/#breadcrumb\",\"itemListElement\":[{\"@type\":\"ListItem\",\"position\":1,\"name\":\"Accueil\",\"item\":\"https:\\\/\\\/artoislittoral2.com\\\/\"},{\"@type\":\"ListItem\",\"position\":2,\"name\":\"DUBOCAGE David\"}]},{\"@type\":\"WebSite\",\"@id\":\"https:\\\/\\\/artoislittoral2.com\\\/#website\",\"url\":\"https:\\\/\\\/artoislittoral2.com\\\/\",\"name\":\"ASA Artois Littoral 2\",\"description\":\"Bienvenue \u00e0 l&#039;ASA Artois Littoral II\",\"publisher\":{\"@id\":\"https:\\\/\\\/artoislittoral2.com\\\/#organization\"},\"potentialAction\":[{\"@type\":\"SearchAction\",\"target\":{\"@type\":\"EntryPoint\",\"urlTemplate\":\"https:\\\/\\\/artoislittoral2.com\\\/?s={search_term_string}\"},\"query-input\":{\"@type\":\"PropertyValueSpecification\",\"valueRequired\":true,\"valueName\":\"search_term_string\"}}],\"inLanguage\":\"fr-FR\"},{\"@type\":\"Organization\",\"@id\":\"https:\\\/\\\/artoislittoral2.com\\\/#organization\",\"name\":\"ASA Artois Littoral 2\",\"url\":\"https:\\\/\\\/artoislittoral2.com\\\/\",\"logo\":{\"@type\":\"ImageObject\",\"inLanguage\":\"fr-FR\",\"@id\":\"https:\\\/\\\/artoislittoral2.com\\\/#\\\/schema\\\/logo\\\/image\\\/\",\"url\":\"https:\\\/\\\/artoislittoral2.com\\\/wp-content\\\/uploads\\\/2025\\\/11\\\/cropped-cropped-bandeau-2025.jpg\",\"contentUrl\":\"https:\\\/\\\/artoislittoral2.com\\\/wp-content\\\/uploads\\\/2025\\\/11\\\/cropped-cropped-bandeau-2025.jpg\",\"width\":960,\"height\":365,\"caption\":\"ASA Artois Littoral 2\"},\"image\":{\"@id\":\"https:\\\/\\\/artoislittoral2.com\\\/#\\\/schema\\\/logo\\\/image\\\/\"}}]}<\/script>\n<!-- \/ Yoast SEO plugin. -->","yoast_head_json":{"title":"DUBOCAGE David - ASA Artois Littoral 2","robots":{"index":"index","follow":"follow","max-snippet":"max-snippet:-1","max-image-preview":"max-image-preview:large","max-video-preview":"max-video-preview:-1"},"canonical":"https:\/\/artoislittoral2.com\/index.php\/dubocage-david\/","og_locale":"fr_FR","og_type":"article","og_title":"DUBOCAGE David - ASA Artois Littoral 2","og_description":"David DUBOCAGE (46 ans), papa d&rsquo;un gar\u00e7on, charg\u00e9 d&rsquo;affaires pour une filiale du groupe DUFOUR, pacs\u00e9 \u00e0 M\u00e9lanie ROETYNCK ma co-pilote Je suis passionn\u00e9 par tout ce qui a un moteur, j&rsquo;ai commenc\u00e9 par quelques tours de roues en moto-cross, puis c\u2019est en Quad que j&rsquo;ai exerc\u00e9 ma passion. A\u00a0 mon actif : 4 Enduropale...","og_url":"https:\/\/artoislittoral2.com\/index.php\/dubocage-david\/","og_site_name":"ASA Artois Littoral 2","article_modified_time":"2022-02-10T18:02:27+00:00","og_image":[{"url":"https:\/\/artoislittoral2.com\/wp-content\/uploads\/2022\/02\/auto_dubocage.jpg","type":"","width":"","height":""}],"twitter_card":"summary_large_image","twitter_misc":{"Dur\u00e9e de lecture estim\u00e9e":"1 minute"},"schema":{"@context":"https:\/\/schema.org","@graph":[{"@type":"WebPage","@id":"https:\/\/artoislittoral2.com\/index.php\/dubocage-david\/","url":"https:\/\/artoislittoral2.com\/index.php\/dubocage-david\/","name":"DUBOCAGE David - ASA Artois Littoral 2","isPartOf":{"@id":"https:\/\/artoislittoral2.com\/#website"},"primaryImageOfPage":{"@id":"https:\/\/artoislittoral2.com\/index.php\/dubocage-david\/#primaryimage"},"image":{"@id":"https:\/\/artoislittoral2.com\/index.php\/dubocage-david\/#primaryimage"},"thumbnailUrl":"https:\/\/artoislittoral2.com\/wp-content\/uploads\/2022\/02\/auto_dubocage.jpg","datePublished":"2022-02-10T17:55:46+00:00","dateModified":"2022-02-10T18:02:27+00:00","breadcrumb":{"@id":"https:\/\/artoislittoral2.com\/index.php\/dubocage-david\/#breadcrumb"},"inLanguage":"fr-FR","potentialAction":[{"@type":"ReadAction","target":["https:\/\/artoislittoral2.com\/index.php\/dubocage-david\/"]}]},{"@type":"ImageObject","inLanguage":"fr-FR","@id":"https:\/\/artoislittoral2.com\/index.php\/dubocage-david\/#primaryimage","url":"https:\/\/artoislittoral2.com\/wp-content\/uploads\/2022\/02\/auto_dubocage.jpg","contentUrl":"https:\/\/artoislittoral2.com\/wp-content\/uploads\/2022\/02\/auto_dubocage.jpg","width":828,"height":828},{"@type":"BreadcrumbList","@id":"https:\/\/artoislittoral2.com\/index.php\/dubocage-david\/#breadcrumb","itemListElement":[{"@type":"ListItem","position":1,"name":"Accueil","item":"https:\/\/artoislittoral2.com\/"},{"@type":"ListItem","position":2,"name":"DUBOCAGE David"}]},{"@type":"WebSite","@id":"https:\/\/artoislittoral2.com\/#website","url":"https:\/\/artoislittoral2.com\/","name":"ASA Artois Littoral 2","description":"Bienvenue \u00e0 l&#039;ASA Artois Littoral II","publisher":{"@id":"https:\/\/artoislittoral2.com\/#organization"},"potentialAction":[{"@type":"SearchAction","target":{"@type":"EntryPoint","urlTemplate":"https:\/\/artoislittoral2.com\/?s={search_term_string}"},"query-input":{"@type":"PropertyValueSpecification","valueRequired":true,"valueName":"search_term_string"}}],"inLanguage":"fr-FR"},{"@type":"Organization","@id":"https:\/\/artoislittoral2.com\/#organization","name":"ASA Artois Littoral 2","url":"https:\/\/artoislittoral2.com\/","logo":{"@type":"ImageObject","inLanguage":"fr-FR","@id":"https:\/\/artoislittoral2.com\/#\/schema\/logo\/image\/","url":"https:\/\/artoislittoral2.com\/wp-content\/uploads\/2025\/11\/cropped-cropped-bandeau-2025.jpg","contentUrl":"https:\/\/artoislittoral2.com\/wp-content\/uploads\/2025\/11\/cropped-cropped-bandeau-2025.jpg","width":960,"height":365,"caption":"ASA Artois Littoral 2"},"image":{"@id":"https:\/\/artoislittoral2.com\/#\/schema\/logo\/image\/"}}]}},"jetpack_sharing_enabled":true,"_links":{"self":[{"href":"https:\/\/artoislittoral2.com\/index.php\/wp-json\/wp\/v2\/pages\/2254","targetHints":{"allow":["GET"]}}],"collection":[{"href":"https:\/\/artoislittoral2.com\/index.php\/wp-json\/wp\/v2\/pages"}],"about":[{"href":"https:\/\/artoislittoral2.com\/index.php\/wp-json\/wp\/v2\/types\/page"}],"author":[{"embeddable":true,"href":"https:\/\/artoislittoral2.com\/index.php\/wp-json\/wp\/v2\/users\/1"}],"replies":[{"embeddable":true,"href":"https:\/\/artoislittoral2.com\/index.php\/wp-json\/wp\/v2\/comments?post=2254"}],"version-history":[{"count":6,"href":"https:\/\/artoislittoral2.com\/index.php\/wp-json\/wp\/v2\/pages\/2254\/revisions"}],"predecessor-version":[{"id":2262,"href":"https:\/\/artoislittoral2.com\/index.php\/wp-json\/wp\/v2\/pages\/2254\/revisions\/2262"}],"wp:attachment":[{"href":"https:\/\/artoislittoral2.com\/index.php\/wp-json\/wp\/v2\/media?parent=2254"}],"curies":[{"name":"wp","href":"https:\/\/api.w.org\/{rel}","templated":true}]}}