{"id":4709,"date":"2024-03-24T16:38:39","date_gmt":"2024-03-24T15:38:39","guid":{"rendered":"https:\/\/artoislittoral2.com\/?page_id=4709"},"modified":"2024-03-24T18:18:30","modified_gmt":"2024-03-24T17:18:30","slug":"masset-sebastien","status":"publish","type":"page","link":"https:\/\/artoislittoral2.com\/index.php\/masset-sebastien\/","title":{"rendered":"MASSET S\u00e9bastien"},"content":{"rendered":"\t\t<div data-elementor-type=\"wp-page\" data-elementor-id=\"4709\" class=\"elementor elementor-4709\">\n\t\t\t\t\t\t<section class=\"elementor-section elementor-top-section elementor-element elementor-element-9b05004 elementor-section-boxed elementor-section-height-default elementor-section-height-default\" data-id=\"9b05004\" data-element_type=\"section\" data-e-type=\"section\">\n\t\t\t\t\t\t<div class=\"elementor-container elementor-column-gap-default\">\n\t\t\t\t\t<div class=\"elementor-column elementor-col-50 elementor-top-column elementor-element elementor-element-6a4402a\" data-id=\"6a4402a\" data-element_type=\"column\" data-e-type=\"column\">\n\t\t\t<div class=\"elementor-widget-wrap elementor-element-populated\">\n\t\t\t\t\t\t<div class=\"elementor-element elementor-element-ad21c0a elementor-widget elementor-widget-image\" data-id=\"ad21c0a\" data-element_type=\"widget\" data-e-type=\"widget\" data-widget_type=\"image.default\">\n\t\t\t\t<div class=\"elementor-widget-container\">\n\t\t\t\t\t\t\t\t\t\t\t\t\t\t\t<img fetchpriority=\"high\" decoding=\"async\" width=\"640\" height=\"426\" src=\"https:\/\/artoislittoral2.com\/wp-content\/uploads\/2024\/03\/masset1-1024x682.jpeg\" class=\"attachment-large size-large wp-image-4714\" alt=\"\" srcset=\"https:\/\/artoislittoral2.com\/wp-content\/uploads\/2024\/03\/masset1-1024x682.jpeg 1024w, https:\/\/artoislittoral2.com\/wp-content\/uploads\/2024\/03\/masset1-300x200.jpeg 300w, https:\/\/artoislittoral2.com\/wp-content\/uploads\/2024\/03\/masset1-768x512.jpeg 768w, https:\/\/artoislittoral2.com\/wp-content\/uploads\/2024\/03\/masset1-1536x1023.jpeg 1536w, https:\/\/artoislittoral2.com\/wp-content\/uploads\/2024\/03\/masset1-850x566.jpeg 850w, https:\/\/artoislittoral2.com\/wp-content\/uploads\/2024\/03\/masset1.jpeg 2048w\" sizes=\"(max-width: 640px) 100vw, 640px\" \/>\t\t\t\t\t\t\t\t\t\t\t\t\t\t\t<\/div>\n\t\t\t\t<\/div>\n\t\t\t\t\t<\/div>\n\t\t<\/div>\n\t\t\t\t<div class=\"elementor-column elementor-col-50 elementor-top-column elementor-element elementor-element-40fa052\" data-id=\"40fa052\" data-element_type=\"column\" data-e-type=\"column\">\n\t\t\t<div class=\"elementor-widget-wrap elementor-element-populated\">\n\t\t\t\t\t\t<div class=\"elementor-element elementor-element-5ac115a elementor-widget elementor-widget-image\" data-id=\"5ac115a\" data-element_type=\"widget\" data-e-type=\"widget\" data-widget_type=\"image.default\">\n\t\t\t\t<div class=\"elementor-widget-container\">\n\t\t\t\t\t\t\t\t\t\t\t\t\t\t\t<img decoding=\"async\" width=\"640\" height=\"427\" src=\"https:\/\/artoislittoral2.com\/wp-content\/uploads\/2024\/03\/masset2-1024x683.jpeg\" class=\"attachment-large size-large wp-image-4715\" alt=\"\" srcset=\"https:\/\/artoislittoral2.com\/wp-content\/uploads\/2024\/03\/masset2-1024x683.jpeg 1024w, https:\/\/artoislittoral2.com\/wp-content\/uploads\/2024\/03\/masset2-300x200.jpeg 300w, https:\/\/artoislittoral2.com\/wp-content\/uploads\/2024\/03\/masset2-768x512.jpeg 768w, https:\/\/artoislittoral2.com\/wp-content\/uploads\/2024\/03\/masset2-850x567.jpeg 850w, https:\/\/artoislittoral2.com\/wp-content\/uploads\/2024\/03\/masset2.jpeg 1280w\" sizes=\"(max-width: 640px) 100vw, 640px\" \/>\t\t\t\t\t\t\t\t\t\t\t\t\t\t\t<\/div>\n\t\t\t\t<\/div>\n\t\t\t\t\t<\/div>\n\t\t<\/div>\n\t\t\t\t\t<\/div>\n\t\t<\/section>\n\t\t\t\t<section class=\"elementor-section elementor-top-section elementor-element elementor-element-e30d68d elementor-section-boxed elementor-section-height-default elementor-section-height-default\" data-id=\"e30d68d\" data-element_type=\"section\" data-e-type=\"section\">\n\t\t\t\t\t\t<div class=\"elementor-container elementor-column-gap-default\">\n\t\t\t\t\t<div class=\"elementor-column elementor-col-100 elementor-top-column elementor-element elementor-element-a500fc5\" data-id=\"a500fc5\" data-element_type=\"column\" data-e-type=\"column\">\n\t\t\t<div class=\"elementor-widget-wrap elementor-element-populated\">\n\t\t\t\t\t\t<div class=\"elementor-element elementor-element-a19006c elementor-widget elementor-widget-text-editor\" data-id=\"a19006c\" data-element_type=\"widget\" data-e-type=\"widget\" data-widget_type=\"text-editor.default\">\n\t\t\t\t<div class=\"elementor-widget-container\">\n\t\t\t\t\t\t\t\t\t<div dir=\"ltr\" data-setdir=\"false\"><span style=\"color: #000000;\">J ai 40 ans , je suis dans le sport auto depuis 4 ans, j ai 1 fille de 10 ans.<\/span><\/div><div dir=\"ltr\" data-setdir=\"false\">\u00a0<\/div><div><span style=\"color: #000000;\">Merci pour votre accueil au sein de votre ASA, je suis copilote de Gael Massart , r\u00e9cemment licenci\u00e9 aussi dans votre ASA.<\/span><\/div><div><span style=\"color: #000000;\">Le bouche \u00e0 oreille et la consultation du site internet et de vos r\u00e9seaux sociaux, m\u2019ont dirig\u00e9 vers vous. Par exemple, une chose simple que j ai remarqu\u00e9, c est qu \u00e0 chaque rallye vous faites un retour sur tous les licenci\u00e9s qui ont couru, du premier au dernier, podium ou pas, sans aucune diff\u00e9rence, pour moi cela montre le c\u00f4t\u00e9 convivial et un peu \u00ab familial \u00bb si on peut dire.<\/span><\/div><div>\u00a0<\/div><div><span style=\"color: #000000;\">J&rsquo;ai commenc\u00e9 la saison comme toujours au c\u00f4t\u00e9 de Gael sur la 106 F213 au rallye du Marquenterre,<\/span><\/div>\t\t\t\t\t\t\t\t<\/div>\n\t\t\t\t<\/div>\n\t\t\t\t\t<\/div>\n\t\t<\/div>\n\t\t\t\t\t<\/div>\n\t\t<\/section>\n\t\t\t\t<\/div>\n\t\t","protected":false},"excerpt":{"rendered":"<p>J ai 40 ans , je suis dans le sport auto depuis 4 ans, j ai 1 fille de 10 ans.\u00a0Merci pour votre accueil au sein de votre ASA, je suis copilote de Gael Massart , r\u00e9cemment licenci\u00e9 aussi dans votre ASA.Le bouche \u00e0 oreille et la consultation du site internet et de vos r\u00e9seaux&#8230;<\/p>\n","protected":false},"author":1,"featured_media":0,"parent":0,"menu_order":0,"comment_status":"closed","ping_status":"closed","template":"","meta":{"footnotes":""},"class_list":["post-4709","page","type-page","status-publish","hentry"],"yoast_head":"<!-- This site is optimized with the Yoast SEO plugin v27.4 - https:\/\/yoast.com\/product\/yoast-seo-wordpress\/ -->\n<title>MASSET S\u00e9bastien - ASA Artois Littoral 2<\/title>\n<meta name=\"robots\" content=\"index, follow, max-snippet:-1, max-image-preview:large, max-video-preview:-1\" \/>\n<link rel=\"canonical\" href=\"https:\/\/artoislittoral2.com\/index.php\/masset-sebastien\/\" \/>\n<meta property=\"og:locale\" content=\"fr_FR\" \/>\n<meta property=\"og:type\" content=\"article\" \/>\n<meta property=\"og:title\" content=\"MASSET S\u00e9bastien - ASA Artois Littoral 2\" \/>\n<meta property=\"og:description\" content=\"J ai 40 ans , je suis dans le sport auto depuis 4 ans, j ai 1 fille de 10 ans.\u00a0Merci pour votre accueil au sein de votre ASA, je suis copilote de Gael Massart , r\u00e9cemment licenci\u00e9 aussi dans votre ASA.Le bouche \u00e0 oreille et la consultation du site internet et de vos r\u00e9seaux...\" \/>\n<meta property=\"og:url\" content=\"https:\/\/artoislittoral2.com\/index.php\/masset-sebastien\/\" \/>\n<meta property=\"og:site_name\" content=\"ASA Artois Littoral 2\" \/>\n<meta property=\"article:modified_time\" content=\"2024-03-24T17:18:30+00:00\" \/>\n<meta property=\"og:image\" content=\"https:\/\/artoislittoral2.com\/wp-content\/uploads\/2024\/03\/masset1-1024x682.jpeg\" \/>\n<meta name=\"twitter:card\" content=\"summary_large_image\" \/>\n<meta name=\"twitter:label1\" content=\"Dur\u00e9e de lecture estim\u00e9e\" \/>\n\t<meta name=\"twitter:data1\" content=\"2 minutes\" \/>\n<script type=\"application\/ld+json\" class=\"yoast-schema-graph\">{\"@context\":\"https:\\\/\\\/schema.org\",\"@graph\":[{\"@type\":\"WebPage\",\"@id\":\"https:\\\/\\\/artoislittoral2.com\\\/index.php\\\/masset-sebastien\\\/\",\"url\":\"https:\\\/\\\/artoislittoral2.com\\\/index.php\\\/masset-sebastien\\\/\",\"name\":\"MASSET S\u00e9bastien - ASA Artois Littoral 2\",\"isPartOf\":{\"@id\":\"https:\\\/\\\/artoislittoral2.com\\\/#website\"},\"primaryImageOfPage\":{\"@id\":\"https:\\\/\\\/artoislittoral2.com\\\/index.php\\\/masset-sebastien\\\/#primaryimage\"},\"image\":{\"@id\":\"https:\\\/\\\/artoislittoral2.com\\\/index.php\\\/masset-sebastien\\\/#primaryimage\"},\"thumbnailUrl\":\"https:\\\/\\\/artoislittoral2.com\\\/wp-content\\\/uploads\\\/2024\\\/03\\\/masset1-1024x682.jpeg\",\"datePublished\":\"2024-03-24T15:38:39+00:00\",\"dateModified\":\"2024-03-24T17:18:30+00:00\",\"breadcrumb\":{\"@id\":\"https:\\\/\\\/artoislittoral2.com\\\/index.php\\\/masset-sebastien\\\/#breadcrumb\"},\"inLanguage\":\"fr-FR\",\"potentialAction\":[{\"@type\":\"ReadAction\",\"target\":[\"https:\\\/\\\/artoislittoral2.com\\\/index.php\\\/masset-sebastien\\\/\"]}]},{\"@type\":\"ImageObject\",\"inLanguage\":\"fr-FR\",\"@id\":\"https:\\\/\\\/artoislittoral2.com\\\/index.php\\\/masset-sebastien\\\/#primaryimage\",\"url\":\"https:\\\/\\\/artoislittoral2.com\\\/wp-content\\\/uploads\\\/2024\\\/03\\\/masset1.jpeg\",\"contentUrl\":\"https:\\\/\\\/artoislittoral2.com\\\/wp-content\\\/uploads\\\/2024\\\/03\\\/masset1.jpeg\",\"width\":2048,\"height\":1364},{\"@type\":\"BreadcrumbList\",\"@id\":\"https:\\\/\\\/artoislittoral2.com\\\/index.php\\\/masset-sebastien\\\/#breadcrumb\",\"itemListElement\":[{\"@type\":\"ListItem\",\"position\":1,\"name\":\"Accueil\",\"item\":\"https:\\\/\\\/artoislittoral2.com\\\/\"},{\"@type\":\"ListItem\",\"position\":2,\"name\":\"MASSET S\u00e9bastien\"}]},{\"@type\":\"WebSite\",\"@id\":\"https:\\\/\\\/artoislittoral2.com\\\/#website\",\"url\":\"https:\\\/\\\/artoislittoral2.com\\\/\",\"name\":\"ASA Artois Littoral 2\",\"description\":\"Bienvenue \u00e0 l&#039;ASA Artois Littoral II\",\"publisher\":{\"@id\":\"https:\\\/\\\/artoislittoral2.com\\\/#organization\"},\"potentialAction\":[{\"@type\":\"SearchAction\",\"target\":{\"@type\":\"EntryPoint\",\"urlTemplate\":\"https:\\\/\\\/artoislittoral2.com\\\/?s={search_term_string}\"},\"query-input\":{\"@type\":\"PropertyValueSpecification\",\"valueRequired\":true,\"valueName\":\"search_term_string\"}}],\"inLanguage\":\"fr-FR\"},{\"@type\":\"Organization\",\"@id\":\"https:\\\/\\\/artoislittoral2.com\\\/#organization\",\"name\":\"ASA Artois Littoral 2\",\"url\":\"https:\\\/\\\/artoislittoral2.com\\\/\",\"logo\":{\"@type\":\"ImageObject\",\"inLanguage\":\"fr-FR\",\"@id\":\"https:\\\/\\\/artoislittoral2.com\\\/#\\\/schema\\\/logo\\\/image\\\/\",\"url\":\"https:\\\/\\\/artoislittoral2.com\\\/wp-content\\\/uploads\\\/2025\\\/11\\\/cropped-cropped-bandeau-2025.jpg\",\"contentUrl\":\"https:\\\/\\\/artoislittoral2.com\\\/wp-content\\\/uploads\\\/2025\\\/11\\\/cropped-cropped-bandeau-2025.jpg\",\"width\":960,\"height\":365,\"caption\":\"ASA Artois Littoral 2\"},\"image\":{\"@id\":\"https:\\\/\\\/artoislittoral2.com\\\/#\\\/schema\\\/logo\\\/image\\\/\"}}]}<\/script>\n<!-- \/ Yoast SEO plugin. -->","yoast_head_json":{"title":"MASSET S\u00e9bastien - ASA Artois Littoral 2","robots":{"index":"index","follow":"follow","max-snippet":"max-snippet:-1","max-image-preview":"max-image-preview:large","max-video-preview":"max-video-preview:-1"},"canonical":"https:\/\/artoislittoral2.com\/index.php\/masset-sebastien\/","og_locale":"fr_FR","og_type":"article","og_title":"MASSET S\u00e9bastien - ASA Artois Littoral 2","og_description":"J ai 40 ans , je suis dans le sport auto depuis 4 ans, j ai 1 fille de 10 ans.\u00a0Merci pour votre accueil au sein de votre ASA, je suis copilote de Gael Massart , r\u00e9cemment licenci\u00e9 aussi dans votre ASA.Le bouche \u00e0 oreille et la consultation du site internet et de vos r\u00e9seaux...","og_url":"https:\/\/artoislittoral2.com\/index.php\/masset-sebastien\/","og_site_name":"ASA Artois Littoral 2","article_modified_time":"2024-03-24T17:18:30+00:00","og_image":[{"url":"https:\/\/artoislittoral2.com\/wp-content\/uploads\/2024\/03\/masset1-1024x682.jpeg","type":"","width":"","height":""}],"twitter_card":"summary_large_image","twitter_misc":{"Dur\u00e9e de lecture estim\u00e9e":"2 minutes"},"schema":{"@context":"https:\/\/schema.org","@graph":[{"@type":"WebPage","@id":"https:\/\/artoislittoral2.com\/index.php\/masset-sebastien\/","url":"https:\/\/artoislittoral2.com\/index.php\/masset-sebastien\/","name":"MASSET S\u00e9bastien - ASA Artois Littoral 2","isPartOf":{"@id":"https:\/\/artoislittoral2.com\/#website"},"primaryImageOfPage":{"@id":"https:\/\/artoislittoral2.com\/index.php\/masset-sebastien\/#primaryimage"},"image":{"@id":"https:\/\/artoislittoral2.com\/index.php\/masset-sebastien\/#primaryimage"},"thumbnailUrl":"https:\/\/artoislittoral2.com\/wp-content\/uploads\/2024\/03\/masset1-1024x682.jpeg","datePublished":"2024-03-24T15:38:39+00:00","dateModified":"2024-03-24T17:18:30+00:00","breadcrumb":{"@id":"https:\/\/artoislittoral2.com\/index.php\/masset-sebastien\/#breadcrumb"},"inLanguage":"fr-FR","potentialAction":[{"@type":"ReadAction","target":["https:\/\/artoislittoral2.com\/index.php\/masset-sebastien\/"]}]},{"@type":"ImageObject","inLanguage":"fr-FR","@id":"https:\/\/artoislittoral2.com\/index.php\/masset-sebastien\/#primaryimage","url":"https:\/\/artoislittoral2.com\/wp-content\/uploads\/2024\/03\/masset1.jpeg","contentUrl":"https:\/\/artoislittoral2.com\/wp-content\/uploads\/2024\/03\/masset1.jpeg","width":2048,"height":1364},{"@type":"BreadcrumbList","@id":"https:\/\/artoislittoral2.com\/index.php\/masset-sebastien\/#breadcrumb","itemListElement":[{"@type":"ListItem","position":1,"name":"Accueil","item":"https:\/\/artoislittoral2.com\/"},{"@type":"ListItem","position":2,"name":"MASSET S\u00e9bastien"}]},{"@type":"WebSite","@id":"https:\/\/artoislittoral2.com\/#website","url":"https:\/\/artoislittoral2.com\/","name":"ASA Artois Littoral 2","description":"Bienvenue \u00e0 l&#039;ASA Artois Littoral II","publisher":{"@id":"https:\/\/artoislittoral2.com\/#organization"},"potentialAction":[{"@type":"SearchAction","target":{"@type":"EntryPoint","urlTemplate":"https:\/\/artoislittoral2.com\/?s={search_term_string}"},"query-input":{"@type":"PropertyValueSpecification","valueRequired":true,"valueName":"search_term_string"}}],"inLanguage":"fr-FR"},{"@type":"Organization","@id":"https:\/\/artoislittoral2.com\/#organization","name":"ASA Artois Littoral 2","url":"https:\/\/artoislittoral2.com\/","logo":{"@type":"ImageObject","inLanguage":"fr-FR","@id":"https:\/\/artoislittoral2.com\/#\/schema\/logo\/image\/","url":"https:\/\/artoislittoral2.com\/wp-content\/uploads\/2025\/11\/cropped-cropped-bandeau-2025.jpg","contentUrl":"https:\/\/artoislittoral2.com\/wp-content\/uploads\/2025\/11\/cropped-cropped-bandeau-2025.jpg","width":960,"height":365,"caption":"ASA Artois Littoral 2"},"image":{"@id":"https:\/\/artoislittoral2.com\/#\/schema\/logo\/image\/"}}]}},"jetpack_sharing_enabled":true,"_links":{"self":[{"href":"https:\/\/artoislittoral2.com\/index.php\/wp-json\/wp\/v2\/pages\/4709","targetHints":{"allow":["GET"]}}],"collection":[{"href":"https:\/\/artoislittoral2.com\/index.php\/wp-json\/wp\/v2\/pages"}],"about":[{"href":"https:\/\/artoislittoral2.com\/index.php\/wp-json\/wp\/v2\/types\/page"}],"author":[{"embeddable":true,"href":"https:\/\/artoislittoral2.com\/index.php\/wp-json\/wp\/v2\/users\/1"}],"replies":[{"embeddable":true,"href":"https:\/\/artoislittoral2.com\/index.php\/wp-json\/wp\/v2\/comments?post=4709"}],"version-history":[{"count":7,"href":"https:\/\/artoislittoral2.com\/index.php\/wp-json\/wp\/v2\/pages\/4709\/revisions"}],"predecessor-version":[{"id":4718,"href":"https:\/\/artoislittoral2.com\/index.php\/wp-json\/wp\/v2\/pages\/4709\/revisions\/4718"}],"wp:attachment":[{"href":"https:\/\/artoislittoral2.com\/index.php\/wp-json\/wp\/v2\/media?parent=4709"}],"curies":[{"name":"wp","href":"https:\/\/api.w.org\/{rel}","templated":true}]}}